{"id":8192,"date":"2022-09-08T11:55:47","date_gmt":"2022-09-08T11:55:47","guid":{"rendered":"https:\/\/www.gutblick.ch\/?post_type=useful-information&#038;p=8192"},"modified":"2022-09-08T11:55:48","modified_gmt":"2022-09-08T11:55:48","slug":"uv-strahlen-schaedigen-die-augen","status":"publish","type":"useful-information","link":"https:\/\/www.gutblick.ch\/de\/uv-strahlen-schaedigen-die-augen\/","title":{"rendered":"UV-Strahlen: Der unsichtbare Feind Ihrer Augen"},"content":{"rendered":"<div itemscope itemtype=\"http:\/\/schema.org\/Article\" class=\"header-small-block container1200 mb120 mt120\"><div class=\"container\" > <div class=\"content\" > <div class=\"header-small-block-wrap\" > <div class=\"header-small-block__content\" > <h1 itemprop=\"name\" class=\"header-small-block__name semiBold h3\" > <span class=\"header-small-block__title h3\" > UV-Strahlen: Der unsichtbare<\/span><br>Feind Ihrer Augen<\/h1 > <p class=\"header-small-block__subtitle mt16\" > <\/p > <\/div > <div class=\"header-small-block__image\" > <img loading=\"lazy\" decoding=\"async\" width=\"600\" height=\"354\" src=\"https:\/\/www.gutblick.ch\/app\/uploads\/2022\/08\/sonnenschutz-fuer-die-augen-augenaerzte-aarau-1.jpg\" class=\"img__small__header\" alt=\"\" srcset=\"https:\/\/www.gutblick.ch\/app\/uploads\/2022\/08\/sonnenschutz-fuer-die-augen-augenaerzte-aarau-1.jpg 600w, https:\/\/www.gutblick.ch\/app\/uploads\/2022\/08\/sonnenschutz-fuer-die-augen-augenaerzte-aarau-1-300x177.jpg 300w\" sizes=\"auto, (max-width: 600px) 100vw, 600px\" \/><\/div > <\/div > <\/div > <\/div > <\/div > \n\n<div class=\"title-content-block container1364 mb120 mt48\"><div class=\"container\"><div class=\"content\"><div class=\"mt24 mb24 max830 preloaded__content fade\"><p><strong>Der Sonnenschutz ist f\u00fcr die Augen genauso wichtig wie f\u00fcr die Haut. Vor allem Linse und Hornhaut leiden unter den UV-Strahlen. Dies kann zu kurzfristigen und langfristigen Sch\u00e4digungen f\u00fchren. Sch\u00fctzen Sie Ihre Augen mit der passenden Sonnenbrille und der richtigen Pflege.<\/strong><\/p>\n<\/div><div class=\"mt24 mb24 max830 preloaded__content fade\"><p>Ultraviolettstrahlen, kurz UV-Strahlen sind unsichtbare elektromagnetische Strahlen, welche unter anderem in der Sonnenstrahlung vorkommen. Wenn UV-Strahlen mit hoher Intensit\u00e4t oder \u00fcber l\u00e4ngere Zeit Kontakt mit den Augen haben, kann es zu schmerzhaften Entz\u00fcndungen der Netz- und Hornhaut kommen. Im schlimmsten Fall k\u00f6nnen Sch\u00e4den an der Netzhaut zur Erblindung f\u00fchren.<\/p>\n<\/div><div class=\"mt24 mb24 max830 preloaded__content fade\"><p>Bemerkbar macht sich ein \u00abAugen-Sonnenbrand\u00bb durch ger\u00f6tete Augen und Schmerzen. In diesem Fall sollten die Augen ein paar Tage geschont werden. Wenn keine Besserung eintritt, ist ein Besuch beim Augenarzt ratsam. Falls Sie nach einer ungesch\u00fctzten Sonnenexposition vor\u00fcbergehend ein Gef\u00fchl von Sand in den Augen haben oder besonders lichtempfindlich reagieren, kann dies ein Zeichen f\u00fcr eine Entz\u00fcndung sein und sollte genauer abgekl\u00e4rt werden.<\/p>\n<\/div><div class=\"mt24 mb24 max830 preloaded__content fade\"><p>Tipp: Wasser und Schnee verst\u00e4rken durch die Reflektion die Wirkung von Sonnenstrahlen. Daher empfehlen wir einen besonders guten Sonnenschutz. Vorsicht ist auch f\u00fcr Kinder und Personen mit hellen Augen geboten. Es empfiehlt sich zudem sportliche Outdoor-Aktivit\u00e4ten in den Sommermonaten auf den Morgen oder Abend zu verschieben.<\/p>\n<\/div><div class=\"mt24 mb24 max830 preloaded__content fade\"><h2>Vorsorge statt Therapie<\/h2>\n<\/div><div class=\"mt24 mb24 max830 preloaded__content fade\"><p>\u00dcberm\u00e4ssige Sonneneinstrahlung kann l\u00e4ngerfristig zu bleibenden Sch\u00e4den f\u00fchren. Diese entwickeln sich jedoch meist schleichend, und wenn Probleme sichtbar werden, ist oft bereits ein erheblicher Schaden entstanden. Deshalb ist der richtige Sonnenschutz und die regelm\u00e4ssige Kontrolle Ihrer Augen enorm wichtig. Viele sp\u00e4tere Komplikationen lassen sich dadurch verhindern.<\/p>\n<\/div><div class=\"mt24 mb24 max830 preloaded__content fade\"><p>Eine gute Sonnenbrille bietet den gr\u00f6ssten Schutz vor Sonneneinstrahlung und wird am besten mit einem Hut kombiniert.  Die Schutzkategorie und die Passform der Sonnenbrille sind dabei besonders wichtig. Erfahren Sie im folgenden Artikel was beim Kauf einer Sonnenbrille sonst noch wichtig ist.<\/p>\n<\/div><div class=\"mt24 mb24 max830 preloaded__content fade\"><p>Kontaktieren Sie hier unseren Gutblick-Store in Wallisellen f\u00fcr einen Termin.<\/p>\n<\/div><\/div><\/div><\/div>\n\n<div class=\"related-post-block mb120 mt120\"><div class=\"container\"><div class=\"content\"><div class=\"related-post-block-wrap\"><div class=\"related-post-block__title mb120 max1050\"><h3>Das k\u00f6nnte Sie auch noch interessieren<\/h3><\/div><div class=\"related-post-block__list\"><div class=\"card-element useful-information-card \"><a href=\"https:\/\/www.gutblick.ch\/de\/useful-information\/bildschirmarbeit-so-schonen-sie-ihre-augen\/\" class=\"wrapper-link\"><div class=\"card-element-wrap useful-information-card-wrap\"><div class=\"card-element-wrap__image useful-information-card-wrap__image\"><img loading=\"lazy\" decoding=\"async\" width=\"730\" height=\"410\" src=\"https:\/\/www.gutblick.ch\/app\/uploads\/2026\/04\/frau-muede-augen-bildschirm.webp\" class=\"img__card-element wp-post-image\" alt=\"Frau reibt ihre trockenen Augen und sitzt vor dem Bildschirm\" srcset=\"https:\/\/www.gutblick.ch\/app\/uploads\/2026\/04\/frau-muede-augen-bildschirm.webp 730w, https:\/\/www.gutblick.ch\/app\/uploads\/2026\/04\/frau-muede-augen-bildschirm-300x168.webp 300w\" sizes=\"auto, (max-width: 730px) 100vw, 730px\" \/><\/div><div class=\"card-element-wrap__content useful-information-card-wrap__content\"><div class=\"card-element-wrap__inner useful-information-card-wrap__inner\"><h5 class=\"card-element-wrap__content-title useful-information-card-wrap__content-title semiBold\">Bildschirmarbeit: So schonen Sie Ihre Augen<\/h5><p class=\"useful-information-card-wrap__content-excerpt mt8\">In diesem Artikel erfahren Sie, wie Sie Beschwerden im Zusammenhang mit ihren Augen und der Bildschirmarbeit vorbeugen k\u00f6nnen. <\/p><div class=\"button-wrap mt16\"><span class=\"button fill icon arrow\">Zum Artikel<\/span><\/div><\/div><\/div><\/div><\/a><\/div><div class=\"card-element useful-information-card \"><a href=\"https:\/\/www.gutblick.ch\/de\/useful-information\/heuschnupfen-was-hilft-wenn-die-augen-unter-pollen-leiden\/\" class=\"wrapper-link\"><div class=\"card-element-wrap useful-information-card-wrap\"><div class=\"card-element-wrap__image useful-information-card-wrap__image\"><img loading=\"lazy\" decoding=\"async\" width=\"730\" height=\"410\" src=\"https:\/\/www.gutblick.ch\/app\/uploads\/2025\/03\/Heuschnupfe_was-hilft.jpeg\" class=\"img__card-element wp-post-image\" alt=\"\" srcset=\"https:\/\/www.gutblick.ch\/app\/uploads\/2025\/03\/Heuschnupfe_was-hilft.jpeg 730w, https:\/\/www.gutblick.ch\/app\/uploads\/2025\/03\/Heuschnupfe_was-hilft-300x168.jpeg 300w\" sizes=\"auto, (max-width: 730px) 100vw, 730px\" \/><\/div><div class=\"card-element-wrap__content useful-information-card-wrap__content\"><div class=\"card-element-wrap__inner useful-information-card-wrap__inner\"><h5 class=\"card-element-wrap__content-title useful-information-card-wrap__content-title semiBold\">Heuschnupfen: Was hilft, wenn die Augen unter Pollen leiden<\/h5><p class=\"useful-information-card-wrap__content-excerpt mt8\">In diesem Artikel erfahren Sie, wie Sie Ihre Augen im Fr\u00fchling vor Allergien sch\u00fctzen k\u00f6nnen.<\/p><div class=\"button-wrap mt16\"><span class=\"button fill icon arrow\">Zum Artikel<\/span><\/div><\/div><\/div><\/div><\/a><\/div><div class=\"card-element useful-information-card \"><a href=\"https:\/\/www.gutblick.ch\/de\/useful-information\/ipl-schluss-mit-trockenen-augen\/\" class=\"wrapper-link\"><div class=\"card-element-wrap useful-information-card-wrap\"><div class=\"card-element-wrap__image useful-information-card-wrap__image\"><img loading=\"lazy\" decoding=\"async\" width=\"730\" height=\"410\" src=\"https:\/\/www.gutblick.ch\/app\/uploads\/2025\/06\/IPL_Trockene-Augen.jpg\" class=\"img__card-element wp-post-image\" alt=\"\" srcset=\"https:\/\/www.gutblick.ch\/app\/uploads\/2025\/06\/IPL_Trockene-Augen.jpg 730w, https:\/\/www.gutblick.ch\/app\/uploads\/2025\/06\/IPL_Trockene-Augen-300x168.jpg 300w\" sizes=\"auto, (max-width: 730px) 100vw, 730px\" \/><\/div><div class=\"card-element-wrap__content useful-information-card-wrap__content\"><div class=\"card-element-wrap__inner useful-information-card-wrap__inner\"><h5 class=\"card-element-wrap__content-title useful-information-card-wrap__content-title semiBold\">IPL \u2013 Schluss mit trockenen Augen<\/h5><p class=\"useful-information-card-wrap__content-excerpt mt8\">IPL ist eine moderne, nicht-invasive Methode zur effektiven Behandlung trockener Augen \u2013 speziell bei Meibom-Dr\u00fcsen-Dysfunktion, einer der Hauptursachen f\u00fcr chronisch trockene Augen.<\/p><div class=\"button-wrap mt16\"><span class=\"button fill icon arrow\">Zum Artikel<\/span><\/div><\/div><\/div><\/div><\/a><\/div><\/div><\/div><\/div><\/div><\/div>","protected":false},"featured_media":6842,"menu_order":0,"template":"","category_useful_information":[65],"class_list":["post-8192","useful-information","type-useful-information","status-publish","has-post-thumbnail","hentry","category_useful_information-allgemeine-informationen"],"acf":{"sidebar_excerpt":"Der Sonnenschutz ist f\u00fcr die Augen genauso wichtig wie f\u00fcr die Haut. Vor allem Linse und Hornhaut leiden unter den UV-Strahlen. Dies kann zu kurzfristigen und langfristigen Sch\u00e4digungen f\u00fchren. Sch\u00fctzen Sie Ihre Augen mit der passenden Sonnenbrille und der richtigen Pflege."},"yoast_head":"<!-- This site is optimized with the Yoast SEO plugin v26.2 - https:\/\/yoast.com\/wordpress\/plugins\/seo\/ -->\n<title>UV-Strahlen: Der unsichtbare Feind Ihrer Augen - Gutblick<\/title>\n<meta name=\"robots\" content=\"index, follow, max-snippet:-1, max-image-preview:large, max-video-preview:-1\" \/>\n<link rel=\"canonical\" href=\"https:\/\/www.gutblick.ch\/de\/uv-strahlen-schaedigen-die-augen\/\" \/>\n<meta property=\"og:locale\" content=\"de_DE\" \/>\n<meta property=\"og:type\" content=\"article\" \/>\n<meta property=\"og:title\" content=\"UV-Strahlen: Der unsichtbare Feind Ihrer Augen - Gutblick\" \/>\n<meta property=\"og:url\" content=\"https:\/\/www.gutblick.ch\/de\/uv-strahlen-schaedigen-die-augen\/\" \/>\n<meta property=\"og:site_name\" content=\"Gutblick\" \/>\n<meta property=\"article:modified_time\" content=\"2022-09-08T11:55:48+00:00\" \/>\n<meta property=\"og:image\" content=\"https:\/\/www.gutblick.ch\/app\/uploads\/2022\/08\/sonnenschutz-fuer-die-augen-augenaerzte-aarau-1.jpg\" \/>\n\t<meta property=\"og:image:width\" content=\"600\" \/>\n\t<meta property=\"og:image:height\" content=\"354\" \/>\n\t<meta property=\"og:image:type\" content=\"image\/jpeg\" \/>\n<meta name=\"twitter:card\" content=\"summary_large_image\" \/>\n<script type=\"application\/ld+json\" class=\"yoast-schema-graph\">{\"@context\":\"https:\/\/schema.org\",\"@graph\":[{\"@type\":\"WebPage\",\"@id\":\"https:\/\/www.gutblick.ch\/de\/uv-strahlen-schaedigen-die-augen\/\",\"url\":\"https:\/\/www.gutblick.ch\/de\/uv-strahlen-schaedigen-die-augen\/\",\"name\":\"UV-Strahlen: Der unsichtbare Feind Ihrer Augen - Gutblick\",\"isPartOf\":{\"@id\":\"https:\/\/www.gutblick.ch\/de\/#website\"},\"primaryImageOfPage\":{\"@id\":\"https:\/\/www.gutblick.ch\/de\/uv-strahlen-schaedigen-die-augen\/#primaryimage\"},\"image\":{\"@id\":\"https:\/\/www.gutblick.ch\/de\/uv-strahlen-schaedigen-die-augen\/#primaryimage\"},\"thumbnailUrl\":\"https:\/\/www.gutblick.ch\/app\/uploads\/2022\/08\/sonnenschutz-fuer-die-augen-augenaerzte-aarau-1.jpg\",\"datePublished\":\"2022-09-08T11:55:47+00:00\",\"dateModified\":\"2022-09-08T11:55:48+00:00\",\"breadcrumb\":{\"@id\":\"https:\/\/www.gutblick.ch\/de\/uv-strahlen-schaedigen-die-augen\/#breadcrumb\"},\"inLanguage\":\"de-DE\",\"potentialAction\":[{\"@type\":\"ReadAction\",\"target\":[\"https:\/\/www.gutblick.ch\/de\/uv-strahlen-schaedigen-die-augen\/\"]}]},{\"@type\":\"ImageObject\",\"inLanguage\":\"de-DE\",\"@id\":\"https:\/\/www.gutblick.ch\/de\/uv-strahlen-schaedigen-die-augen\/#primaryimage\",\"url\":\"https:\/\/www.gutblick.ch\/app\/uploads\/2022\/08\/sonnenschutz-fuer-die-augen-augenaerzte-aarau-1.jpg\",\"contentUrl\":\"https:\/\/www.gutblick.ch\/app\/uploads\/2022\/08\/sonnenschutz-fuer-die-augen-augenaerzte-aarau-1.jpg\",\"width\":600,\"height\":354},{\"@type\":\"BreadcrumbList\",\"@id\":\"https:\/\/www.gutblick.ch\/de\/uv-strahlen-schaedigen-die-augen\/#breadcrumb\",\"itemListElement\":[{\"@type\":\"ListItem\",\"position\":1,\"name\":\"Home\",\"item\":\"https:\/\/www.gutblick.ch\/de\/\"},{\"@type\":\"ListItem\",\"position\":2,\"name\":\"UV-Strahlen: Der unsichtbare Feind Ihrer Augen\"}]},{\"@type\":\"WebSite\",\"@id\":\"https:\/\/www.gutblick.ch\/de\/#website\",\"url\":\"https:\/\/www.gutblick.ch\/de\/\",\"name\":\"Gutblick\",\"description\":\"\",\"publisher\":{\"@id\":\"https:\/\/www.gutblick.ch\/de\/#organization\"},\"potentialAction\":[{\"@type\":\"SearchAction\",\"target\":{\"@type\":\"EntryPoint\",\"urlTemplate\":\"https:\/\/www.gutblick.ch\/de\/?s={search_term_string}\"},\"query-input\":{\"@type\":\"PropertyValueSpecification\",\"valueRequired\":true,\"valueName\":\"search_term_string\"}}],\"inLanguage\":\"de-DE\"},{\"@type\":\"Organization\",\"@id\":\"https:\/\/www.gutblick.ch\/de\/#organization\",\"name\":\"Gutblick\",\"url\":\"https:\/\/www.gutblick.ch\/de\/\",\"logo\":{\"@type\":\"ImageObject\",\"inLanguage\":\"de-DE\",\"@id\":\"https:\/\/www.gutblick.ch\/de\/#\/schema\/logo\/image\/\",\"url\":\"https:\/\/www.gutblick.ch\/app\/uploads\/2022\/09\/Gutblick-pos_RGB-1-1.svg\",\"contentUrl\":\"https:\/\/www.gutblick.ch\/app\/uploads\/2022\/09\/Gutblick-pos_RGB-1-1.svg\",\"caption\":\"Gutblick\"},\"image\":{\"@id\":\"https:\/\/www.gutblick.ch\/de\/#\/schema\/logo\/image\/\"}}]}<\/script>\n<!-- \/ Yoast SEO plugin. -->","yoast_head_json":{"title":"UV-Strahlen: Der unsichtbare Feind Ihrer Augen - Gutblick","robots":{"index":"index","follow":"follow","max-snippet":"max-snippet:-1","max-image-preview":"max-image-preview:large","max-video-preview":"max-video-preview:-1"},"canonical":"https:\/\/www.gutblick.ch\/de\/uv-strahlen-schaedigen-die-augen\/","og_locale":"de_DE","og_type":"article","og_title":"UV-Strahlen: Der unsichtbare Feind Ihrer Augen - Gutblick","og_url":"https:\/\/www.gutblick.ch\/de\/uv-strahlen-schaedigen-die-augen\/","og_site_name":"Gutblick","article_modified_time":"2022-09-08T11:55:48+00:00","og_image":[{"width":600,"height":354,"url":"https:\/\/www.gutblick.ch\/app\/uploads\/2022\/08\/sonnenschutz-fuer-die-augen-augenaerzte-aarau-1.jpg","type":"image\/jpeg"}],"twitter_card":"summary_large_image","schema":{"@context":"https:\/\/schema.org","@graph":[{"@type":"WebPage","@id":"https:\/\/www.gutblick.ch\/de\/uv-strahlen-schaedigen-die-augen\/","url":"https:\/\/www.gutblick.ch\/de\/uv-strahlen-schaedigen-die-augen\/","name":"UV-Strahlen: Der unsichtbare Feind Ihrer Augen - Gutblick","isPartOf":{"@id":"https:\/\/www.gutblick.ch\/de\/#website"},"primaryImageOfPage":{"@id":"https:\/\/www.gutblick.ch\/de\/uv-strahlen-schaedigen-die-augen\/#primaryimage"},"image":{"@id":"https:\/\/www.gutblick.ch\/de\/uv-strahlen-schaedigen-die-augen\/#primaryimage"},"thumbnailUrl":"https:\/\/www.gutblick.ch\/app\/uploads\/2022\/08\/sonnenschutz-fuer-die-augen-augenaerzte-aarau-1.jpg","datePublished":"2022-09-08T11:55:47+00:00","dateModified":"2022-09-08T11:55:48+00:00","breadcrumb":{"@id":"https:\/\/www.gutblick.ch\/de\/uv-strahlen-schaedigen-die-augen\/#breadcrumb"},"inLanguage":"de-DE","potentialAction":[{"@type":"ReadAction","target":["https:\/\/www.gutblick.ch\/de\/uv-strahlen-schaedigen-die-augen\/"]}]},{"@type":"ImageObject","inLanguage":"de-DE","@id":"https:\/\/www.gutblick.ch\/de\/uv-strahlen-schaedigen-die-augen\/#primaryimage","url":"https:\/\/www.gutblick.ch\/app\/uploads\/2022\/08\/sonnenschutz-fuer-die-augen-augenaerzte-aarau-1.jpg","contentUrl":"https:\/\/www.gutblick.ch\/app\/uploads\/2022\/08\/sonnenschutz-fuer-die-augen-augenaerzte-aarau-1.jpg","width":600,"height":354},{"@type":"BreadcrumbList","@id":"https:\/\/www.gutblick.ch\/de\/uv-strahlen-schaedigen-die-augen\/#breadcrumb","itemListElement":[{"@type":"ListItem","position":1,"name":"Home","item":"https:\/\/www.gutblick.ch\/de\/"},{"@type":"ListItem","position":2,"name":"UV-Strahlen: Der unsichtbare Feind Ihrer Augen"}]},{"@type":"WebSite","@id":"https:\/\/www.gutblick.ch\/de\/#website","url":"https:\/\/www.gutblick.ch\/de\/","name":"Gutblick","description":"","publisher":{"@id":"https:\/\/www.gutblick.ch\/de\/#organization"},"potentialAction":[{"@type":"SearchAction","target":{"@type":"EntryPoint","urlTemplate":"https:\/\/www.gutblick.ch\/de\/?s={search_term_string}"},"query-input":{"@type":"PropertyValueSpecification","valueRequired":true,"valueName":"search_term_string"}}],"inLanguage":"de-DE"},{"@type":"Organization","@id":"https:\/\/www.gutblick.ch\/de\/#organization","name":"Gutblick","url":"https:\/\/www.gutblick.ch\/de\/","logo":{"@type":"ImageObject","inLanguage":"de-DE","@id":"https:\/\/www.gutblick.ch\/de\/#\/schema\/logo\/image\/","url":"https:\/\/www.gutblick.ch\/app\/uploads\/2022\/09\/Gutblick-pos_RGB-1-1.svg","contentUrl":"https:\/\/www.gutblick.ch\/app\/uploads\/2022\/09\/Gutblick-pos_RGB-1-1.svg","caption":"Gutblick"},"image":{"@id":"https:\/\/www.gutblick.ch\/de\/#\/schema\/logo\/image\/"}}]}},"_links":{"self":[{"href":"https:\/\/www.gutblick.ch\/de\/wp-json\/wp\/v2\/useful-information\/8192","targetHints":{"allow":["GET"]}}],"collection":[{"href":"https:\/\/www.gutblick.ch\/de\/wp-json\/wp\/v2\/useful-information"}],"about":[{"href":"https:\/\/www.gutblick.ch\/de\/wp-json\/wp\/v2\/types\/useful-information"}],"version-history":[{"count":3,"href":"https:\/\/www.gutblick.ch\/de\/wp-json\/wp\/v2\/useful-information\/8192\/revisions"}],"predecessor-version":[{"id":8195,"href":"https:\/\/www.gutblick.ch\/de\/wp-json\/wp\/v2\/useful-information\/8192\/revisions\/8195"}],"wp:featuredmedia":[{"embeddable":true,"href":"https:\/\/www.gutblick.ch\/de\/wp-json\/wp\/v2\/media\/6842"}],"wp:attachment":[{"href":"https:\/\/www.gutblick.ch\/de\/wp-json\/wp\/v2\/media?parent=8192"}],"wp:term":[{"taxonomy":"category_useful_information","embeddable":true,"href":"https:\/\/www.gutblick.ch\/de\/wp-json\/wp\/v2\/category_useful_information?post=8192"}],"curies":[{"name":"wp","href":"https:\/\/api.w.org\/{rel}","templated":true}]}}